{"id":4123,"date":"2022-03-23T12:57:43","date_gmt":"2022-03-23T11:57:43","guid":{"rendered":"https:\/\/topette.net\/?page_id=4123"},"modified":"2022-04-12T17:48:16","modified_gmt":"2022-04-12T15:48:16","slug":"la-page-du-camping-cariste","status":"publish","type":"page","link":"https:\/\/topette.net\/?page_id=4123","title":{"rendered":"La Page du Camping Cariste"},"content":{"rendered":"\n<p>Sur cette page nous recensons les endroits o\u00f9 nous nous sommes arr\u00eat\u00e9s, que ce soit pour une ou plusieurs nuits, ou juste le temps de faire les services. Les prix indiqu\u00e9s sont ceux pour un camping-car avec deux adultes et l\u2019\u00e9lectricit\u00e9. Le nom des h\u00e9bergements est cliquable et ouvre un nouvel onglet vers le site internet s&#8217;il existe, ou sur l&#8217;emplacement Google Street View.<\/p>\n\n\n\n<p class=\"has-bright-red-color has-light-gray-background-color has-text-color has-background has-medium-font-size\"><strong>France 2022 :<\/strong><\/p>\n\n\n\n<ul class=\"wp-block-list\"><li><em><a href=\"https:\/\/www.campings-fouras.com\/camping-le-cadoret-fouras.php#camping\" target=\"_blank\" rel=\"noreferrer noopener\">Camping le Cadoret \u2013 Fouras (17)<\/a><\/em><\/li><\/ul>\n\n\n\n<p>2 nuits (11&amp;12 f\u00e9vrier 2022)<\/p>\n\n\n\n<p>C\u2019est toujours avec plaisir que nous retrouvons Fouras, ville baln\u00e9aire charmante.<\/p>\n\n\n\n<p>Le camping est ouvert maintenant de F\u00e9vrier \u00e0 fin Novembre (en cours d\u2019\u00e9volution pour une diminution de la dur\u00e9e d\u2019ouverture). Tous services et \u00e9lectricit\u00e9. Prix avec la carte ACSI \u00e0 16 \u20ac plus taxes de s\u00e9jours.<\/p>\n\n\n\n<ul class=\"wp-block-list\"><li><a href=\"https:\/\/www.campingcarpark.com\/fr_FR\/sejour\/aire-etape-camping-car\/nouvelle-aquitaine\/40-landes\/messanges\" target=\"_blank\" rel=\"noreferrer noopener\"><em>Aire Camping-Car Park \u2013 Messanges (40)<\/em><\/a><\/li><\/ul>\n\n\n\n<p>1 nuit (13 f\u00e9vrier 2022)<\/p>\n\n\n\n<p>Bien situ\u00e9e juste derri\u00e8re la dune avec un acc\u00e8s direct \u00e0 l\u2019oc\u00e9an. La circulation dans l\u2019aire peut \u00eatre compliqu\u00e9e en cas d\u2019affluence. Comme toutes les aires CCP le prix comprend les services et l\u2019\u00e9lectricit\u00e9 ainsi que le WiFi. Toilettes sur l\u2019aire. Prix 10,50 \u20ac taxes de s\u00e9jours incluses.<\/p>\n\n\n\n<ul class=\"wp-block-list\"><li><em><a href=\"https:\/\/www.campingcarpark.com\/fr_FR\/sejour\/aire-etape-camping-car\/nouvelle-aquitaine\/40-landes\/seignosse\" target=\"_blank\" rel=\"noreferrer noopener\">Aire Camping-Car Park \u2013 Seignosse (40)<\/a><\/em><\/li><\/ul>\n\n\n\n<p>1 nuit (11 avril 2022)<\/p>\n\n\n\n<p>Ancien camping sous les pins devenu une aire Camping-Car Park. Comme toutes les aires CCP le prix comprend les services et l\u2019\u00e9lectricit\u00e9 ainsi que le WiFi. Toilettes sur l\u2019aire. Prix 11,88 \u20ac taxes de s\u00e9jours incluses.<\/p>\n\n\n\n<ul class=\"wp-block-list\"><li><em><a href=\"https:\/\/www.campingcarpark.com\/fr_FR\/sejour\/aire-etape-camping-car\/nouvelle-aquitaine\/17-charente-maritime\/royan\" target=\"_blank\" rel=\"noreferrer noopener\">Aire Camping-Car Park &#8211; Royan (17)<\/a><\/em><\/li><\/ul>\n\n\n\n<p>1 nuit (12 avril 2022)<\/p>\n\n\n\n<p>Bien situ\u00e9e en centre-ville. Comme toutes les aires CCP le prix comprend les services et l\u2019\u00e9lectricit\u00e9 ainsi que le WiFi. Prix 12,40 \u20ac taxes de s\u00e9jours incluses.<\/p>\n\n\n\n<p><\/p>\n\n\n\n<p class=\"has-bright-red-color has-light-gray-background-color has-text-color has-background has-medium-font-size\"><strong><strong>Espagne 2022 :<\/strong><\/strong><\/p>\n\n\n\n<ul class=\"wp-block-list\"><li><a href=\"http:\/\/www.grancampingzarautz.com\/fr\/\" target=\"_blank\" rel=\"noreferrer noopener\"><em>Gran Camping &#8211; Zarautz<\/em><\/a><\/li><\/ul>\n\n\n\n<p>1 nuit (14 f\u00e9vrier 2022)<\/p>\n\n\n\n<p>Camping avec une vue incroyable sur l\u2019oc\u00e9an. Chemin p\u00e9destre c\u00f4tier permettant de rejoindre la ville. Ouvert toute l\u2019ann\u00e9e. Sanitaires nickels. Tous services et \u00e9lectricit\u00e9. Prix avec la carte ACSI \u00e0 20 \u20ac.<\/p>\n\n\n\n<ul class=\"wp-block-list\"><li><a href=\"https:\/\/bilbaohostel.net\/fr\/zone-pour-camping-cars-a-bilbao\/\" target=\"_blank\" rel=\"noreferrer noopener\"><em>Aire Camping-Car Kobeta Bidea &#8211; Bilbao<\/em><\/a><\/li><\/ul>\n\n\n\n<p>3 nuits (15&amp;16 f\u00e9vrier 2022, 10 avril 2022)<\/p>\n\n\n\n<p>Aire avec une vue extraordinaire sur Bilbao (magnifique la nuit&nbsp;!). Bien desservie par le bus pour aller au centre-ville (1,35 \u20ac le ticket).&nbsp; Tous services et \u00e9lectricit\u00e9. Prix 15 \u20ac.<\/p>\n\n\n\n<ul class=\"wp-block-list\"><li><em><a href=\"https:\/\/www.google.pt\/maps\/place\/43%C2%B022'59.3%22N+4%C2%B023'52.0%22W\/@43.3831346,-4.3983177,130m\/data=!3m2!1e3!4b1!4m5!3m4!1s0x0:0xc273ba21c0289a11!8m2!3d43.3831336!4d-4.3977705?hl=fr\" target=\"_blank\" rel=\"noreferrer noopener\">Parking Public &#8211; San Vicente de la Barquera<\/a><\/em><\/li><\/ul>\n\n\n\n<p>1 nuit (17 f\u00e9vrier 2022)<\/p>\n\n\n\n<p>Pas s\u00fbr que ce soit autoris\u00e9, pas s\u00fbr que ce soit interdit non plus\u2026 Bonne nuit pass\u00e9e sur ce parking le long du quai. Beau lever de soleil. Aucun service bien s\u00fbr mais laverie en face si besoin.<\/p>\n\n\n\n<ul class=\"wp-block-list\"><li><a rel=\"noreferrer noopener\" href=\"https:\/\/campingalagoa.com\/en\/\" target=\"_blank\"><em>Camping a <\/em><\/a><em><a rel=\"noreferrer noopener\" href=\"https:\/\/campingalagoa.com\/en\/\" target=\"_blank\">Lagoa<\/a><\/em><a href=\"https:\/\/campingalagoa.com\/en\/\" target=\"_blank\" rel=\"noreferrer noopener\"><em> &#8211; Valdovi\u00f1o<\/em><\/a><\/li><\/ul>\n\n\n\n<p>2 nuits (18&amp;19 f\u00e9vrier 2022)<\/p>\n\n\n\n<p>Petit camping r\u00e9cent mais sans ombre, accueil sympathique, sanitaires neufs. Le g\u00e9rant est extr\u00eamement serviable. Tr\u00e8s bien situ\u00e9 en face l\u2019oc\u00e9an. Tous services et \u00e9lectricit\u00e9. Prix avec la carte ACSI \u00e0 18 \u20ac.<\/p>\n\n\n\n<ul class=\"wp-block-list\"><li><em><a href=\"https:\/\/www.google.pt\/maps\/place\/42%C2%B050'50.0%22N+8%C2%B034'56.0%22W\/@42.8472842,-8.583381,361m\/data=!3m1!1e3!4m5!3m4!1s0x0:0xdf5e60b2f244bc3!8m2!3d42.84722!4d-8.58222?hl=fr\" target=\"_blank\" rel=\"noreferrer noopener\">Aire Camping-Car O Milladoiro &#8211; Saint Jacques de Compostelle<\/a><\/em><\/li><\/ul>\n\n\n\n<p>2 nuits (20&amp;21 f\u00e9vrier 2022)<\/p>\n\n\n\n<p>Aire en banlieue de saint Jacques de Compostelle sur un grand parking, bus \u00e0 proximit\u00e9 permettant de rejoindre le centre-ville (1,55 \u20ac le ticket). Tous services sauf \u00e9lectricit\u00e9. Prix gratuit.<\/p>\n\n\n\n<ul class=\"wp-block-list\"><li><em><a href=\"https:\/\/www.google.fr\/maps\/place\/40%C2%B056'20.4%22N+5%C2%B039'17.0%22W\/@40.939001,-5.6552694,135m\/data=!3m2!1e3!4b1!4m5!3m4!1s0x0:0xfef3184755c995a!8m2!3d40.938985!4d-5.654715?hl=fr\" target=\"_blank\" rel=\"noreferrer noopener\">Aire Camping-Car Carbajosa de la Sagrada &#8211; Salamanque<\/a><\/em><\/li><\/ul>\n\n\n\n<p>1 nuit (08 avril 2022)<\/p>\n\n\n\n<p>Aire sans charme dans une zone industrielle derri\u00e8re une station-service et de lavage de voitures. Tous services sauf \u00e9lectricit\u00e9. Prix gratuit.<\/p>\n\n\n\n<ul class=\"wp-block-list\"><li><em><a href=\"https:\/\/www.google.fr\/maps\/place\/43%C2%B022'06.1%22N+3%C2%B013'08.0%22W\/@43.3683695,-3.2210741,521m\/data=!3m2!1e3!4b1!4m5!3m4!1s0x0:0xd1a85ce8fb2896df!8m2!3d43.3683656!4d-3.2188854?hl=fr\" target=\"_blank\" rel=\"noreferrer noopener\">Parking magasin Eroski \u2013 Castro Urdiales<\/a><\/em><\/li><\/ul>\n\n\n\n<p>1 nuit (09 avril 2022)<\/p>\n\n\n\n<p>Parking du grand magasin Eroski, le long des arbres. Aucun service bien s\u00fbr mais nuit calme une fois le magasin ferm\u00e9 \u00e0 22h00.<\/p>\n\n\n\n<p><\/p>\n\n\n\n<p class=\"has-bright-red-color has-light-gray-background-color has-text-color has-background has-medium-font-size\"><strong>Portugal 2022 :<\/strong><\/p>\n\n\n\n<ul class=\"wp-block-list\"><li><a href=\"https:\/\/www.parquecampismocovas.com\/\" target=\"_blank\" rel=\"noreferrer noopener\"><em>Camping &#8211; <\/em><\/a><em><a rel=\"noreferrer noopener\" href=\"https:\/\/www.parquecampismocovas.com\/\" target=\"_blank\">Covas<\/a><\/em><\/li><\/ul>\n\n\n\n<p>1 nuit (22 f\u00e9vrier 2022)<\/p>\n\n\n\n<p>Camping familial un peu perdu au bout d\u2019une petite route. Accueil sympathique, sanitaires propres. Tous services et \u00e9lectricit\u00e9. Prix avec la carte ACSI \u00e0 12 \u20ac.<\/p>\n\n\n\n<ul class=\"wp-block-list\"><li><a href=\"https:\/\/www.orbitur.pt\/fr\/destinos\/regiao-norte\/orbitur-canidelo\" target=\"_blank\" rel=\"noreferrer noopener\"><em>Camping Orbitur <\/em><\/a><em><a rel=\"noreferrer noopener\" href=\"https:\/\/www.orbitur.pt\/fr\/destinos\/regiao-norte\/orbitur-canidelo\" target=\"_blank\">Canidelo<\/a><\/em><a href=\"https:\/\/www.orbitur.pt\/fr\/destinos\/regiao-norte\/orbitur-canidelo\" target=\"_blank\" rel=\"noreferrer noopener\"><em> &#8211; Porto<\/em><\/a><\/li><\/ul>\n\n\n\n<p>3 nuits (23 au 25 f\u00e9vrier 2022)<\/p>\n\n\n\n<p>Camping bien situ\u00e9 en bord d\u2019oc\u00e9an avec un bus \u00e0 300 m\u00e8tres pour le centre-ville de Porto (1,90 \u20ac le ticket). Emplacements mal d\u00e9limit\u00e9s, sanitaires propres. Tous services et \u00e9lectricit\u00e9. Prix 22,10 \u20ac.<\/p>\n\n\n\n<ul class=\"wp-block-list\"><li><a href=\"https:\/\/www.google.pt\/maps\/place\/41%C2%B009'20.2%22N+7%C2%B046'49.0%22W\/@41.155513,-7.7817884,371m\/data=!3m1!1e3!4m5!3m4!1s0x0:0xe935ddd3e62ac6b3!8m2!3d41.155602!4d-7.78029?hl=fr\" target=\"_blank\" rel=\"noreferrer noopener\"><em>Aire Camping-Car &#8211; Peso da R\u00e9gua<\/em><\/a><\/li><\/ul>\n\n\n\n<p>2 nuits (26&amp;27 f\u00e9vrier 2022)<\/p>\n\n\n\n<p>Aire situ\u00e9 au bord du Douro, chemin p\u00e9destre et cyclable rejoignant le centre-ville. R\u00e9ception au bar au fond de l\u2019aire. Tous services et \u00e9lectricit\u00e9. Prix 3 \u20ac.<\/p>\n\n\n\n<ul class=\"wp-block-list\"><li><a href=\"https:\/\/www.google.pt\/maps\/place\/40%C2%B039'53.3%22N+7%C2%B055'01.3%22W\/@40.6647882,-7.9177004,176m\/data=!3m1!1e3!4m5!3m4!1s0x0:0x15ea42f038843b3!8m2!3d40.664791!4d-7.917026?hl=fr\" target=\"_blank\" rel=\"noreferrer noopener\"><em>Aire Camping-Car &#8211; Viseu<\/em><\/a><\/li><\/ul>\n\n\n\n<p>1 nuit (28 f\u00e9vrier 2022)<\/p>\n\n\n\n<p>Aire \u00e0 l\u2019entr\u00e9e de la ville, sur un grand parking. Tous services sauf \u00e9lectricit\u00e9. Prix gratuit.<\/p>\n\n\n\n<ul class=\"wp-block-list\"><li><a href=\"https:\/\/www.orbitur.pt\/fr\/destinos\/regiao-centro\/orbitur-vagueira\" target=\"_blank\" rel=\"noreferrer noopener\"><em>Camping Orbitur &#8211; <\/em><\/a><em><a rel=\"noreferrer noopener\" href=\"https:\/\/www.orbitur.pt\/fr\/destinos\/regiao-centro\/orbitur-vagueira\" target=\"_blank\">Vagueira<\/a><\/em><\/li><\/ul>\n\n\n\n<p>6 nuits (1<sup>er<\/sup> mars au 6 mars 2022)<\/p>\n\n\n\n<p>Camping \u00e0 2km de l\u2019oc\u00e9an, accueil sympathique, sanitaires nickels. Tous services et \u00e9lectricit\u00e9. Prix avec la carte ACSI \u00e0 16 \u20ac.<\/p>\n\n\n\n<ul class=\"wp-block-list\"><li><a href=\"https:\/\/coimbracamping.com\/fr\/\" target=\"_blank\" rel=\"noreferrer noopener\"><em>Camping Municipal &#8211; Coimbra<\/em><\/a><\/li><\/ul>\n\n\n\n<p>2 nuits (7&amp;8 mars 2022)<\/p>\n\n\n\n<p>Camping en bordure de ville, mal desservi par le bus qui passe de mani\u00e8re al\u00e9atoire (1,60 \u20ac le ticket). Emplacements mal d\u00e9limit\u00e9s, sanitaires nickels. Tous services et \u00e9lectricit\u00e9. Prix avec la carte ACSI \u00e0 18 \u20ac.<\/p>\n\n\n\n<ul class=\"wp-block-list\"><li><a href=\"https:\/\/www.google.pt\/maps\/place\/39%C2%B036'25.2%22N+8%C2%B024'37.2%22W\/@39.6072242,-8.4113005,216m\/data=!3m1!1e3!4m5!3m4!1s0x0:0xe459952316028949!8m2!3d39.606998!4d-8.41033?hl=fr\" target=\"_blank\" rel=\"noreferrer noopener\"><em>Aire Camping-Car &#8211; Tomar<\/em><\/a><\/li><\/ul>\n\n\n\n<p>2 nuits (9&amp;10 mars 2022)<\/p>\n\n\n\n<p>Ancien camping devenu une aire, tr\u00e8s bien plac\u00e9e en ville. Emplacements mal d\u00e9limit\u00e9s. Tous services sauf \u00e9lectricit\u00e9. Prix gratuit.<\/p>\n\n\n\n<ul class=\"wp-block-list\"><li><em><a href=\"https:\/\/www.orbitur.pt\/fr\/destinos\/regiao-centro\/orbitur-valado\" target=\"_blank\" rel=\"noreferrer noopener\">Camping Orbitur Valado &#8211; Nazar\u00e9<\/a><\/em><\/li><\/ul>\n\n\n\n<p>2 nuits (11&amp;12 mars 2022)<\/p>\n\n\n\n<p>Camping \u00e0 l\u2019ext\u00e9rieur de la ville. Centre accessible \u00e0 pied (\u00e7a descend) le retour peut se faire en taxi en partant du march\u00e9 pour 5 \u20ac. Emplacements mal d\u00e9limit\u00e9s et pour la plupart risque d\u2019ensablement. Sanitaires nickels. Tous services et \u00e9lectricit\u00e9. Prix avec la carte ACSI \u00e0 16 \u20ac.<\/p>\n\n\n\n<ul class=\"wp-block-list\"><li><a href=\"https:\/\/www.google.pt\/maps\/place\/39%C2%B021'22.7%22N+9%C2%B009'23.8%22W\/@39.356387,-9.1571631,149m\/data=!3m1!1e3!4m5!3m4!1s0x0:0xc45e7c629715def8!8m2!3d39.3563!4d-9.15661?hl=fr\" target=\"_blank\" rel=\"noreferrer noopener\"><em>Aire Camping-Car &#8211; <\/em><\/a><em><a href=\"https:\/\/www.google.pt\/maps\/place\/39%C2%B021'22.7%22N+9%C2%B009'23.8%22W\/@39.356387,-9.1571631,149m\/data=!3m1!1e3!4m5!3m4!1s0x0:0xc45e7c629715def8!8m2!3d39.3563!4d-9.15661?hl=fr\" target=\"_blank\" rel=\"noreferrer noopener\">Obidos<\/a><\/em><\/li><\/ul>\n\n\n\n<p>1 nuit (13 mars 2022)<\/p>\n\n\n\n<p>Aire tr\u00e8s bien plac\u00e9e au pied de l\u2019aqueduc et \u00e0 l\u2019entr\u00e9e de la ville. Tous services sauf \u00e9lectricit\u00e9. Prix 6 \u20ac.<\/p>\n\n\n\n<ul class=\"wp-block-list\"><li><a href=\"https:\/\/www.asapeniche.pt\/\" target=\"_blank\" rel=\"noreferrer noopener\"><em>Aire Camping-Car &#8211; Peniche<\/em><\/a><\/li><\/ul>\n\n\n\n<p>2 nuits (14&amp;15 mars 2022)<\/p>\n\n\n\n<p>Aire bien situ\u00e9e dans la ville, goudronn\u00e9e et close de murs. Tous services et \u00e9lectricit\u00e9. Douches et toilettes en suppl\u00e9ment. Prix 9 \u20ac.<\/p>\n\n\n\n<ul class=\"wp-block-list\"><li><a href=\"https:\/\/costadovizir.com\/pt\/\" target=\"_blank\" rel=\"noreferrer noopener\"><em>Camping yellow village Costa do Vizir &#8211; Porto Covo<\/em><\/a><\/li><\/ul>\n\n\n\n<p>3 nuits (16 au 17 mars 2022)<\/p>\n\n\n\n<p>Camping bien situ\u00e9 proche village et oc\u00e9an. Emplacements bien d\u00e9limit\u00e9s. Sanitaires nickels, s\u00fbrement le meilleur camping qu\u2019on a eu au Portugal. Tous services et \u00e9lectricit\u00e9. Prix avec la carte ACSI \u00e0 18 \u20ac.<\/p>\n\n\n\n<ul class=\"wp-block-list\"><li><a href=\"https:\/\/www.google.pt\/maps\/place\/37%C2%B005'40.9%22N+8%C2%B040'18.3%22W\/@37.0948937,-8.6732135,326m\/data=!3m1!1e3!4m5!3m4!1s0x0:0x6829159de6bfa83f!8m2!3d37.0947!4d-8.67176?hl=fr\" target=\"_blank\" rel=\"noreferrer noopener\"><em>Camping Trindade &#8211; Lagos<\/em><\/a><\/li><\/ul>\n\n\n\n<p>2 nuits (18&amp;19 mars 2022)<\/p>\n\n\n\n<p>Camping tr\u00e8s bien situ\u00e9 en ville et proche de l\u2019oc\u00e9an. Emplacements bien d\u00e9limit\u00e9s pour certains (\u00e0 l\u2019entr\u00e9e), pas d\u00e9limit\u00e9s pour d\u2019autres (au fond). On arrive, on s\u2019installe puis on fait le checkin apr\u00e8s 17h00. Sanitaires vieillots mais nickels, quelques permanents donnent un air d\u00e9cr\u00e9pit \u00e0 ce camping. Tous services et \u00e9lectricit\u00e9. Prix 14 \u20ac.<\/p>\n\n\n\n<ul class=\"wp-block-list\"><li><a href=\"https:\/\/www.farocampervanpark.com\/\" target=\"_blank\" rel=\"noreferrer noopener\"><em>Faro Campervan Park \u2013 Faro<\/em><\/a><\/li><\/ul>\n\n\n\n<p>2 nuits (20&amp;21 mars 2022)<\/p>\n\n\n\n<p>Aire de Camping-Car Priv\u00e9e. Accueil tr\u00e8s sympathique en fran\u00e7ais. Emplacements bien d\u00e9limit\u00e9s sur un sol en gravier (pr\u00e9voir les cales). Eau et \u00e9lectricit\u00e9 \u00e0 chaque emplacement, tous services compris. Tables de pique-nique \u00e0 disposition. Sanitaires en suppl\u00e9ment (0,50 \u20ac toilettes et 0,50 \u20ac douche chaude 3 minutes). Wifi gratuit tr\u00e8s performant. Machine \u00e0 laver 5 \u20ac, s\u00e8che-linge 3 \u20ac. Tr\u00e8s calme, on n&#8217;entend pas les avions alors que l&#8217;a\u00e9roport est juste \u00e0 c\u00f4t\u00e9. Bus 16 pour aller en ville de l&#8217;autre c\u00f4t\u00e9 de la passerelle (2,35 \u20ac le ticket) retour au pied de la passerelle. Grand magasin accessible \u00e0 pied. Quelques pistes cyclables permettent d&#8217;aller voir les oiseaux et de pousser jusqu&#8217;\u00e0 la plage. Prix 11 \u20ac.<\/p>\n\n\n\n<ul class=\"wp-block-list\"><li><em><a href=\"https:\/\/algarvemotorhomepark.com\/fr\/parques\/tavira-autocaravanas-portugal-algarve\/\" target=\"_blank\" rel=\"noreferrer noopener\">Algarve Motorhome park &#8211; Tavira<\/a><\/em><\/li><\/ul>\n\n\n\n<p>17 nuits (22 mars au 7 avril 2022)<\/p>\n\n\n\n<p>Aire de Camping-Car Priv\u00e9e. Accueil tr\u00e8s sympathique en fran\u00e7ais. Emplacements bien d\u00e9limit\u00e9s sur un sol en gravier (pr\u00e9voir les cales). Eau et \u00e9lectricit\u00e9 tous les 4 emplacements, tous services compris. Sanitaires en suppl\u00e9ment (1 \u20ac douche chaude 5 minutes, toilettes 0,50 \u20ac). Wifi gratuit tr\u00e8s performant. Machine \u00e0 laver 4,5 \u20ac, s\u00e8che-linge 3 \u20ac. Tr\u00e8s calme, le train passe \u00e0 c\u00f4t\u00e9 mais ce n\u2019est pas g\u00eanant. Grand magasin accessible \u00e0 pied. Prix 11 \u20ac.<\/p>\n\n\n\n<p><\/p>\n","protected":false},"excerpt":{"rendered":"<p>Sur cette page nous recensons les endroits o\u00f9 nous nous sommes arr\u00eat\u00e9s, que ce soit pour une ou plusieurs nuits, ou juste le temps de faire les services. Les prix indiqu\u00e9s sont ceux pour un camping-car avec deux adultes et l\u2019\u00e9lectricit\u00e9. Le nom des h\u00e9bergements est cliquable et ouvre un nouvel onglet vers le site &hellip; <a href=\"https:\/\/topette.net\/?page_id=4123\" class=\"more-link\">Continuer la lecture<span class=\"screen-reader-text\"> de &laquo;&nbsp;La Page du Camping Cariste&nbsp;&raquo;<\/span><\/a><\/p>\n","protected":false},"author":2,"featured_media":0,"parent":0,"menu_order":0,"comment_status":"closed","ping_status":"closed","template":"","meta":{"_s2mail":"","footnotes":""},"class_list":["post-4123","page","type-page","status-publish","hentry"],"_links":{"self":[{"href":"https:\/\/topette.net\/index.php?rest_route=\/wp\/v2\/pages\/4123","targetHints":{"allow":["GET"]}}],"collection":[{"href":"https:\/\/topette.net\/index.php?rest_route=\/wp\/v2\/pages"}],"about":[{"href":"https:\/\/topette.net\/index.php?rest_route=\/wp\/v2\/types\/page"}],"author":[{"embeddable":true,"href":"https:\/\/topette.net\/index.php?rest_route=\/wp\/v2\/users\/2"}],"replies":[{"embeddable":true,"href":"https:\/\/topette.net\/index.php?rest_route=%2Fwp%2Fv2%2Fcomments&post=4123"}],"version-history":[{"count":0,"href":"https:\/\/topette.net\/index.php?rest_route=\/wp\/v2\/pages\/4123\/revisions"}],"wp:attachment":[{"href":"https:\/\/topette.net\/index.php?rest_route=%2Fwp%2Fv2%2Fmedia&parent=4123"}],"curies":[{"name":"wp","href":"https:\/\/api.w.org\/{rel}","templated":true}]}}